{"id":1937,"date":"2019-11-12T14:35:01","date_gmt":"2019-11-12T13:35:01","guid":{"rendered":"http:\/\/festspiele-taggenbrunn.at\/?page_id=1937"},"modified":"2024-10-08T14:01:14","modified_gmt":"2024-10-08T12:01:14","slug":"galerie","status":"publish","type":"page","link":"https:\/\/festspiele-taggenbrunn.at\/it\/galerie\/","title":{"rendered":"Galleria"},"content":{"rendered":"<div class=\"wpb-content-wrapper\"><div class=\"row light-wrapper  light-wrapper normal-padding  light-wrapper normal-padding\"><div class=\"wpb_column vc_column_container col-sm-12\"><div class=\"vc_column-inner\"><div class=\"wpb_wrapper\"><section class=\"page-title page-title-3 bg-secondary\">\n\t\t\t\t<div class=\"container\">\n\t\t\t\t    <div class=\"row\">\n\t\t\t\t    \n\t\t\t\t        <div class=\"col-sm-12 text-center\">\n\t\t\t\t            <h3 class=\"uppercase mb0\">\n\t\t\t\t            \t GALLERIA\n\t\t\t\t            <\/h3>\n\t\t\t\t        <\/div>\n\t\t\t\t    <\/div>\n\t\t\t\t<\/div>\n\t\t\t\t<ol class=\"breadcrumb breadcrumb-2\"><li><a href=\"https:\/\/festspiele-taggenbrunn.at\/it\/\" class=\"home-link\" rel=\"home\">Casa<\/a><\/li><li class=\"active\">Galleria<\/li><\/ol>\n\t\t\t<\/section>\n\t\t<\/div><\/div><\/div><\/div><section class=\"gallery-row light-wrapper normal-padding vc_row wpb_row vc_row-fluid gallery-row light-wrapper normal-padding\"><div class=\"container\"><div class=\"row\"><div class=\"wpb_column vc_column_container col-sm-12\"><div class=\"vc_column-inner\"><div class=\"wpb_wrapper\">\n\t<div class=\"wpb_text_column wpb_content_element\" >\n\t\t<div class=\"wpb_wrapper\">\n\t\t\t<div class=\"rl-gallery-container rl-loading\" id=\"rl-gallery-container-1\" data-gallery_id=\"1913\"> <div class=\"rl-gallery rl-basicmasonry-gallery\" id=\"rl-gallery-1\" data-gallery_no=\"1\"> <div class=\"rl-gutter-sizer\"><\/div><div class=\"rl-grid-sizer\"><\/div> <div class=\"rl-gallery-item rl-gallery-item-width-4\" > <div class=\"rl-gallery-item-content\"> <a href=\"https:\/\/festspiele-taggenbrunn.at\/wp-content\/uploads\/Lars-Eidinger_Fotos-Ferdinand-Neumuller-10-scaled.jpg\" title=\"Lars Eidinger \u00a9 Ferdinand Neum\u00fcller\" data-rl_title=\"Lars Eidinger \u00a9 Ferdinand Neum\u00fcller\" class=\"rl-gallery-link\" data-rl_caption=\"\" data-rel=\"prettyPhoto-gallery-cHJldHR5UGhvdG8tZ2FsbGVyeS0x\" data-magnific_type=\"gallery\"><img loading=\"lazy\" decoding=\"async\" src=\"https:\/\/festspiele-taggenbrunn.at\/wp-content\/uploads\/Lars-Eidinger_Fotos-Ferdinand-Neumuller-10-1024x750.jpg\" width=\"1024\" height=\"750\" alt=\"\"\/><span class=\"rl-gallery-caption\"><span class=\"rl-gallery-item-title\">Lars Eidinger \u00a9 Ferdinand Neum\u00fcller<\/span><\/span><\/a> <\/div> <\/div> <div class=\"rl-gallery-item\" > <div class=\"rl-gallery-item-content\"> <a href=\"https:\/\/festspiele-taggenbrunn.at\/wp-content\/uploads\/Lars-Eidinger_Fotos-Ferdinand-Neumuller-7-scaled.jpg\" title=\"Lars Eidinger \u00a9 Ferdinand Neum\u00fcller\" data-rl_title=\"Lars Eidinger \u00a9 Ferdinand Neum\u00fcller\" class=\"rl-gallery-link\" data-rl_caption=\"\" data-rel=\"prettyPhoto-gallery-cHJldHR5UGhvdG8tZ2FsbGVyeS0x\" data-magnific_type=\"gallery\"><img loading=\"lazy\" decoding=\"async\" src=\"https:\/\/festspiele-taggenbrunn.at\/wp-content\/uploads\/Lars-Eidinger_Fotos-Ferdinand-Neumuller-7-1024x712.jpg\" width=\"1024\" height=\"712\" alt=\"\"\/><span class=\"rl-gallery-caption\"><span class=\"rl-gallery-item-title\">Lars Eidinger \u00a9 Ferdinand Neum\u00fcller<\/span><\/span><\/a> <\/div> <\/div> <div class=\"rl-gallery-item\" > <div class=\"rl-gallery-item-content\"> <a href=\"https:\/\/festspiele-taggenbrunn.at\/wp-content\/uploads\/Lars-Eidinger_Fotos-Ferdinand-Neumuller-15-scaled.jpg\" title=\"Lars Eidinger, \u00a9 Ferdinand Neum\u00fcller\" data-rl_title=\"Lars Eidinger, \u00a9 Ferdinand Neum\u00fcller\" class=\"rl-gallery-link\" data-rl_caption=\"\" data-rel=\"prettyPhoto-gallery-cHJldHR5UGhvdG8tZ2FsbGVyeS0x\" data-magnific_type=\"gallery\"><img loading=\"lazy\" decoding=\"async\" src=\"https:\/\/festspiele-taggenbrunn.at\/wp-content\/uploads\/Lars-Eidinger_Fotos-Ferdinand-Neumuller-15-1024x776.jpg\" width=\"1024\" height=\"776\" alt=\"\"\/><span class=\"rl-gallery-caption\"><span class=\"rl-gallery-item-title\">Lars Eidinger, \u00a9 Ferdinand Neum\u00fcller<\/span><\/span><\/a> <\/div> <\/div> <div class=\"rl-gallery-item\" > <div class=\"rl-gallery-item-content\"> <a href=\"https:\/\/festspiele-taggenbrunn.at\/wp-content\/uploads\/Dmytro-Popov-37-scaled.jpg\" title=\"\" data-rl_title=\"\" class=\"rl-gallery-link\" data-rl_caption=\"Dmytro Popov, Matthias Samuil \u00a9 Ferdinand Neum\u00fcller\" data-rel=\"prettyPhoto-gallery-cHJldHR5UGhvdG8tZ2FsbGVyeS0x\" data-magnific_type=\"gallery\"><img loading=\"lazy\" decoding=\"async\" src=\"https:\/\/festspiele-taggenbrunn.at\/wp-content\/uploads\/Dmytro-Popov-37-1024x683.jpg\" width=\"1024\" height=\"683\" alt=\"\"\/><span class=\"rl-gallery-caption\"><span class=\"rl-gallery-item-caption\">Dmytro Popov, Matthias Samuil \u00a9 Ferdinand Neum\u00fcller<\/span><\/span><\/a> <\/div> <\/div> <div class=\"rl-gallery-item\" > <div class=\"rl-gallery-item-content\"> <a href=\"https:\/\/festspiele-taggenbrunn.at\/wp-content\/uploads\/Dmytro-Popov-312-scaled.jpg\" title=\"\" data-rl_title=\"\" class=\"rl-gallery-link\" data-rl_caption=\"Dmytro Popov, Matthias Samuil \u00a9 Ferdinand Neum\u00fcller\" data-rel=\"prettyPhoto-gallery-cHJldHR5UGhvdG8tZ2FsbGVyeS0x\" data-magnific_type=\"gallery\"><img loading=\"lazy\" decoding=\"async\" src=\"https:\/\/festspiele-taggenbrunn.at\/wp-content\/uploads\/Dmytro-Popov-312-1024x683.jpg\" width=\"1024\" height=\"683\" alt=\"\"\/><span class=\"rl-gallery-caption\"><span class=\"rl-gallery-item-caption\">Dmytro Popov, Matthias Samuil \u00a9 Ferdinand Neum\u00fcller<\/span><\/span><\/a> <\/div> <\/div> <div class=\"rl-gallery-item\" > <div class=\"rl-gallery-item-content\"> <a href=\"https:\/\/festspiele-taggenbrunn.at\/wp-content\/uploads\/Dmytro-Popov-247-scaled.jpg\" title=\"\" data-rl_title=\"\" class=\"rl-gallery-link\" data-rl_caption=\"Dmytro Popov, Matthias Samuil \u00a9 Ferdinand Neum\u00fcller\" data-rel=\"prettyPhoto-gallery-cHJldHR5UGhvdG8tZ2FsbGVyeS0x\" data-magnific_type=\"gallery\"><img loading=\"lazy\" decoding=\"async\" src=\"https:\/\/festspiele-taggenbrunn.at\/wp-content\/uploads\/Dmytro-Popov-247-1024x683.jpg\" width=\"1024\" height=\"683\" alt=\"\"\/><span class=\"rl-gallery-caption\"><span class=\"rl-gallery-item-caption\">Dmytro Popov, Matthias Samuil \u00a9 Ferdinand Neum\u00fcller<\/span><\/span><\/a> <\/div> <\/div> <div class=\"rl-gallery-item\" > <div class=\"rl-gallery-item-content\"> <a href=\"https:\/\/festspiele-taggenbrunn.at\/wp-content\/uploads\/Asmik-Grigorian-94-scaled.jpg\" title=\"\" data-rl_title=\"\" class=\"rl-gallery-link\" data-rl_caption=\"Asmik Grigorian, Lukas Geniu\u0161as. \u00a9 Ferdinand Neum\u00fcller\" data-rel=\"prettyPhoto-gallery-cHJldHR5UGhvdG8tZ2FsbGVyeS0x\" data-magnific_type=\"gallery\"><img loading=\"lazy\" decoding=\"async\" src=\"https:\/\/festspiele-taggenbrunn.at\/wp-content\/uploads\/Asmik-Grigorian-94-682x1024.jpg\" width=\"682\" height=\"1024\" alt=\"\"\/><span class=\"rl-gallery-caption\"><span class=\"rl-gallery-item-caption\">Asmik Grigorian, Lukas Geniu\u0161as. \u00a9 Ferdinand Neum\u00fcller<\/span><\/span><\/a> <\/div> <\/div> <div class=\"rl-gallery-item\" > <div class=\"rl-gallery-item-content\"> <a href=\"https:\/\/festspiele-taggenbrunn.at\/wp-content\/uploads\/Asmik-Grigorian-103-scaled.jpg\" title=\"\" data-rl_title=\"\" class=\"rl-gallery-link\" data-rl_caption=\"Asmik Grigorian, Lukas Geniu\u0161as. \u00a9 Ferdinand Neum\u00fcller\" data-rel=\"prettyPhoto-gallery-cHJldHR5UGhvdG8tZ2FsbGVyeS0x\" data-magnific_type=\"gallery\"><img loading=\"lazy\" decoding=\"async\" src=\"https:\/\/festspiele-taggenbrunn.at\/wp-content\/uploads\/Asmik-Grigorian-103-1024x683.jpg\" width=\"1024\" height=\"683\" alt=\"\"\/><span class=\"rl-gallery-caption\"><span class=\"rl-gallery-item-caption\">Asmik Grigorian, Lukas Geniu\u0161as. \u00a9 Ferdinand Neum\u00fcller<\/span><\/span><\/a> <\/div> <\/div> <div class=\"rl-gallery-item\" > <div class=\"rl-gallery-item-content\"> <a href=\"https:\/\/festspiele-taggenbrunn.at\/wp-content\/uploads\/Asmik-Grigorian-23-scaled.jpg\" title=\"\" data-rl_title=\"\" class=\"rl-gallery-link\" data-rl_caption=\"Asmik Grigorian, Lukas Geniu\u0161as. \u00a9 Ferdinand Neum\u00fcller\" data-rel=\"prettyPhoto-gallery-cHJldHR5UGhvdG8tZ2FsbGVyeS0x\" data-magnific_type=\"gallery\"><img loading=\"lazy\" decoding=\"async\" src=\"https:\/\/festspiele-taggenbrunn.at\/wp-content\/uploads\/Asmik-Grigorian-23-1024x683.jpg\" width=\"1024\" height=\"683\" alt=\"\"\/><span class=\"rl-gallery-caption\"><span class=\"rl-gallery-item-caption\">Asmik Grigorian, Lukas Geniu\u0161as. \u00a9 Ferdinand Neum\u00fcller<\/span><\/span><\/a> <\/div> <\/div> <div class=\"rl-gallery-item\" > <div class=\"rl-gallery-item-content\"> <a href=\"https:\/\/festspiele-taggenbrunn.at\/wp-content\/uploads\/Philharmonix-5-scaled.jpg\" title=\"\" data-rl_title=\"\" class=\"rl-gallery-link\" data-rl_caption=\"Philharmonix: Noah Bendix-Balgley, Sebastian G\u00fcrtler, Thilo Fechner, Stephan Koncz, \u00d6d\u00f6n R\u00e1cz, Daniel Ottensamer, Christoph Traxler. \u00a9 Ferdinand Neum\u00fcller\" data-rel=\"prettyPhoto-gallery-cHJldHR5UGhvdG8tZ2FsbGVyeS0x\" data-magnific_type=\"gallery\"><img loading=\"lazy\" decoding=\"async\" src=\"https:\/\/festspiele-taggenbrunn.at\/wp-content\/uploads\/Philharmonix-5-1024x632.jpg\" width=\"1024\" height=\"632\" alt=\"\"\/><span class=\"rl-gallery-caption\"><span class=\"rl-gallery-item-caption\">Philharmonix: Noah Bendix-Balgley, Sebastian G\u00fcrtler, Thilo Fechner, Stephan Koncz, \u00d6d\u00f6n R\u00e1cz, Daniel Ottensamer, Christoph Traxler. \u00a9 Ferdinand Neum\u00fcller<\/span><\/span><\/a> <\/div> <\/div> <div class=\"rl-gallery-item\" > <div class=\"rl-gallery-item-content\"> <a href=\"https:\/\/festspiele-taggenbrunn.at\/wp-content\/uploads\/Philharmonix-33-scaled.jpg\" title=\"\" data-rl_title=\"\" class=\"rl-gallery-link\" data-rl_caption=\"Philharmonix. \u00a9 Ferdinand Neum\u00fcller\" data-rel=\"prettyPhoto-gallery-cHJldHR5UGhvdG8tZ2FsbGVyeS0x\" data-magnific_type=\"gallery\"><img loading=\"lazy\" decoding=\"async\" src=\"https:\/\/festspiele-taggenbrunn.at\/wp-content\/uploads\/Philharmonix-33-772x1024.jpg\" width=\"772\" height=\"1024\" alt=\"\"\/><span class=\"rl-gallery-caption\"><span class=\"rl-gallery-item-caption\">Philharmonix. \u00a9 Ferdinand Neum\u00fcller<\/span><\/span><\/a> <\/div> <\/div> <div class=\"rl-gallery-item\" > <div class=\"rl-gallery-item-content\"> <a href=\"https:\/\/festspiele-taggenbrunn.at\/wp-content\/uploads\/Philharmonix-27-scaled.jpg\" title=\"\" data-rl_title=\"\" class=\"rl-gallery-link\" data-rl_caption=\"Philharmonix. \u00a9 Ferdinand Neum\u00fcller\" data-rel=\"prettyPhoto-gallery-cHJldHR5UGhvdG8tZ2FsbGVyeS0x\" data-magnific_type=\"gallery\"><img loading=\"lazy\" decoding=\"async\" src=\"https:\/\/festspiele-taggenbrunn.at\/wp-content\/uploads\/Philharmonix-27-1024x631.jpg\" width=\"1024\" height=\"631\" alt=\"\"\/><span class=\"rl-gallery-caption\"><span class=\"rl-gallery-item-caption\">Philharmonix. \u00a9 Ferdinand Neum\u00fcller<\/span><\/span><\/a> <\/div> <\/div> <div class=\"rl-gallery-item\" > <div class=\"rl-gallery-item-content\"> <a href=\"https:\/\/festspiele-taggenbrunn.at\/wp-content\/uploads\/The-Clarinet-Trio-Anthology-24-scaled.jpg\" title=\"\" data-rl_title=\"\" class=\"rl-gallery-link\" data-rl_caption=\"Daniel Ottensamer, Stephan Koncz, Christoph Traxler. \u00a9 Ferdinand Neum\u00fcller\" data-rel=\"prettyPhoto-gallery-cHJldHR5UGhvdG8tZ2FsbGVyeS0x\" data-magnific_type=\"gallery\"><img loading=\"lazy\" decoding=\"async\" src=\"https:\/\/festspiele-taggenbrunn.at\/wp-content\/uploads\/The-Clarinet-Trio-Anthology-24-1024x696.jpg\" width=\"1024\" height=\"696\" alt=\"\"\/><span class=\"rl-gallery-caption\"><span class=\"rl-gallery-item-caption\">Daniel Ottensamer, Stephan Koncz, Christoph Traxler. \u00a9 Ferdinand Neum\u00fcller<\/span><\/span><\/a> <\/div> <\/div> <div class=\"rl-gallery-item\" > <div class=\"rl-gallery-item-content\"> <a href=\"https:\/\/festspiele-taggenbrunn.at\/wp-content\/uploads\/The-Clarinet-Trio-Anthology-7-scaled.jpg\" title=\"\" data-rl_title=\"\" class=\"rl-gallery-link\" data-rl_caption=\"Daniel Ottensamer, Stephan Koncz, Christoph Traxler. \u00a9 Ferdinand Neum\u00fcller\" data-rel=\"prettyPhoto-gallery-cHJldHR5UGhvdG8tZ2FsbGVyeS0x\" data-magnific_type=\"gallery\"><img loading=\"lazy\" decoding=\"async\" src=\"https:\/\/festspiele-taggenbrunn.at\/wp-content\/uploads\/The-Clarinet-Trio-Anthology-7-1024x751.jpg\" width=\"1024\" height=\"751\" alt=\"\"\/><span class=\"rl-gallery-caption\"><span class=\"rl-gallery-item-caption\">Daniel Ottensamer, Stephan Koncz, Christoph Traxler. \u00a9 Ferdinand Neum\u00fcller<\/span><\/span><\/a> <\/div> <\/div> <div class=\"rl-gallery-item\" > <div class=\"rl-gallery-item-content\"> <a href=\"https:\/\/festspiele-taggenbrunn.at\/wp-content\/uploads\/Verdi-ist-der-Mozart-Wagners-\u00a9-Ferdinand-Neumuller-27-scaled.jpg\" title=\"\" data-rl_title=\"\" class=\"rl-gallery-link\" data-rl_caption=\"Cornelius Obonya. \u00a9 Ferdinand Neum\u00fcller\" data-rel=\"prettyPhoto-gallery-cHJldHR5UGhvdG8tZ2FsbGVyeS0x\" data-magnific_type=\"gallery\"><img loading=\"lazy\" decoding=\"async\" src=\"https:\/\/festspiele-taggenbrunn.at\/wp-content\/uploads\/Verdi-ist-der-Mozart-Wagners-\u00a9-Ferdinand-Neumuller-27-1024x695.jpg\" width=\"1024\" height=\"695\" alt=\"\"\/><span class=\"rl-gallery-caption\"><span class=\"rl-gallery-item-caption\">Cornelius Obonya. \u00a9 Ferdinand Neum\u00fcller<\/span><\/span><\/a> <\/div> <\/div> <div class=\"rl-gallery-item\" > <div class=\"rl-gallery-item-content\"> <a href=\"https:\/\/festspiele-taggenbrunn.at\/wp-content\/uploads\/Verdi-ist-der-Mozart-Wagners-\u00a9-Ferdinand-Neumuller-30-scaled.jpg\" title=\"\" data-rl_title=\"\" class=\"rl-gallery-link\" data-rl_caption=\"Cornelius Obonya, Franz Bartolomey, Gerald Preinfalk und Christian Bakanic. \u00a9 Ferdinand Neum\u00fcller\" data-rel=\"prettyPhoto-gallery-cHJldHR5UGhvdG8tZ2FsbGVyeS0x\" data-magnific_type=\"gallery\"><img loading=\"lazy\" decoding=\"async\" src=\"https:\/\/festspiele-taggenbrunn.at\/wp-content\/uploads\/Verdi-ist-der-Mozart-Wagners-\u00a9-Ferdinand-Neumuller-30-1024x706.jpg\" width=\"1024\" height=\"706\" alt=\"\"\/><span class=\"rl-gallery-caption\"><span class=\"rl-gallery-item-caption\">Cornelius Obonya, Franz Bartolomey, Gerald Preinfalk e Christian Bakanic. \u00a9 Ferdinand Neum\u00fcller<\/span><\/span><\/a> <\/div> <\/div> <div class=\"rl-gallery-item\" > <div class=\"rl-gallery-item-content\"> <a href=\"https:\/\/festspiele-taggenbrunn.at\/wp-content\/uploads\/CFRANZGERDL-Burg-Taggenbrunn-scaled.jpg\" title=\"\" data-rl_title=\"\" class=\"rl-gallery-link\" data-rl_caption=\"Foto: Franz Gerdl\" data-rel=\"prettyPhoto-gallery-cHJldHR5UGhvdG8tZ2FsbGVyeS0x\" data-magnific_type=\"gallery\"><img loading=\"lazy\" decoding=\"async\" src=\"https:\/\/festspiele-taggenbrunn.at\/wp-content\/uploads\/CFRANZGERDL-Burg-Taggenbrunn-1024x682.jpg\" width=\"1024\" height=\"682\" alt=\"\"\/><span class=\"rl-gallery-caption\"><span class=\"rl-gallery-item-caption\">Foto: Franz Gerdl<\/span><\/span><\/a> <\/div> <\/div> <div class=\"rl-gallery-item\" > <div class=\"rl-gallery-item-content\"> <a href=\"https:\/\/festspiele-taggenbrunn.at\/wp-content\/uploads\/Resetarits-Die-Bande_-Fotos-Ferdinand-Neumuller-18.jpg\" title=\"\" data-rl_title=\"\" class=\"rl-gallery-link\" data-rl_caption=\"Willi Resetartis &amp; Die Bande (Matthias Schorn, Georg Breinschmid, Die Strottern, Jarkko Riihim\u00e4ki), Foto: F. Neum\u00fcller\" data-rel=\"prettyPhoto-gallery-cHJldHR5UGhvdG8tZ2FsbGVyeS0x\" data-magnific_type=\"gallery\"><img loading=\"lazy\" decoding=\"async\" src=\"https:\/\/festspiele-taggenbrunn.at\/wp-content\/uploads\/Resetarits-Die-Bande_-Fotos-Ferdinand-Neumuller-18-1024x661.jpg\" width=\"1024\" height=\"661\" alt=\"\"\/><span class=\"rl-gallery-caption\"><span class=\"rl-gallery-item-caption\">Willi Resetartis &amp; Die Bande (Matthias Schorn, Georg Breinschmid, Die Strottern, Jarkko Riihim\u00e4ki), Foto: F. Neum\u00fcller<\/span><\/span><\/a> <\/div> <\/div> <div class=\"rl-gallery-item\" > <div class=\"rl-gallery-item-content\"> <a href=\"https:\/\/festspiele-taggenbrunn.at\/wp-content\/uploads\/Andre_Schuen-25-Fotos-Ferdinand-Neumuller-5-scaled.jpg\" title=\"\" data-rl_title=\"\" class=\"rl-gallery-link\" data-rl_caption=\"31.8.2021: Andr\u00e8 Schuen und Daniel Heide, Foto: Ferdinand Neum\u00fcller\" data-rel=\"prettyPhoto-gallery-cHJldHR5UGhvdG8tZ2FsbGVyeS0x\" data-magnific_type=\"gallery\"><img loading=\"lazy\" decoding=\"async\" src=\"https:\/\/festspiele-taggenbrunn.at\/wp-content\/uploads\/Andre_Schuen-25-Fotos-Ferdinand-Neumuller-5-1024x683.jpg\" width=\"1024\" height=\"683\" alt=\"\"\/><span class=\"rl-gallery-caption\"><span class=\"rl-gallery-item-caption\">31.8.2021: Andr\u00e8 Schuen e Daniel Heide, foto: Ferdinand Neum\u00fcller<\/span><\/span><\/a> <\/div> <\/div> <div class=\"rl-gallery-item\" > <div class=\"rl-gallery-item-content\"> <a href=\"https:\/\/festspiele-taggenbrunn.at\/wp-content\/uploads\/PhilharmoniaSchrammeln_Fotos-Ferdinand-Neumuller-4.jpg\" title=\"\" data-rl_title=\"\" class=\"rl-gallery-link\" data-rl_caption=\"1.8.2021: Philharmonia Schrammeln Fotos Ferdinand Neum\u00fcller\" data-rel=\"prettyPhoto-gallery-cHJldHR5UGhvdG8tZ2FsbGVyeS0x\" data-magnific_type=\"gallery\"><img loading=\"lazy\" decoding=\"async\" src=\"https:\/\/festspiele-taggenbrunn.at\/wp-content\/uploads\/PhilharmoniaSchrammeln_Fotos-Ferdinand-Neumuller-4-1024x675.jpg\" width=\"1024\" height=\"675\" alt=\"\"\/><span class=\"rl-gallery-caption\"><span class=\"rl-gallery-item-caption\">1.8.2021: Philharmonia Schrammeln Foto Ferdinand Neum\u00fcller<\/span><\/span><\/a> <\/div> <\/div> <div class=\"rl-gallery-item\" > <div class=\"rl-gallery-item-content\"> <a href=\"https:\/\/festspiele-taggenbrunn.at\/wp-content\/uploads\/Grigory_Sokolov-292.jpg\" title=\"\" data-rl_title=\"\" class=\"rl-gallery-link\" data-rl_caption=\"Grigory Sokolov, Foto: F. Neum\u00fcller\" data-rel=\"prettyPhoto-gallery-cHJldHR5UGhvdG8tZ2FsbGVyeS0x\" data-magnific_type=\"gallery\"><img loading=\"lazy\" decoding=\"async\" src=\"https:\/\/festspiele-taggenbrunn.at\/wp-content\/uploads\/Grigory_Sokolov-292.jpg\" width=\"1024\" height=\"732\" alt=\"\"\/><span class=\"rl-gallery-caption\"><span class=\"rl-gallery-item-caption\">Grigory Sokolov, Foto: F. Neum\u00fcller<\/span><\/span><\/a> <\/div> <\/div> <div class=\"rl-gallery-item\" > <div class=\"rl-gallery-item-content\"> <a href=\"https:\/\/festspiele-taggenbrunn.at\/wp-content\/uploads\/PhilharmoniaSchrammeln_Fotos-Ferdinand-Neumuller-3.jpg\" title=\"\" data-rl_title=\"\" class=\"rl-gallery-link\" data-rl_caption=\"1.8.2021: Philharmonia Schrammeln Fotos Ferdinand Neum\u00fcller\" data-rel=\"prettyPhoto-gallery-cHJldHR5UGhvdG8tZ2FsbGVyeS0x\" data-magnific_type=\"gallery\"><img loading=\"lazy\" decoding=\"async\" src=\"https:\/\/festspiele-taggenbrunn.at\/wp-content\/uploads\/PhilharmoniaSchrammeln_Fotos-Ferdinand-Neumuller-3-1024x683.jpg\" width=\"1024\" height=\"683\" alt=\"\"\/><span class=\"rl-gallery-caption\"><span class=\"rl-gallery-item-caption\">1.8.2021: Philharmonia Schrammeln Foto Ferdinand Neum\u00fcller<\/span><\/span><\/a> <\/div> <\/div> <div class=\"rl-gallery-item\" > <div class=\"rl-gallery-item-content\"> <a href=\"https:\/\/festspiele-taggenbrunn.at\/wp-content\/uploads\/017-20-\u00a9FRANZGERDL-Taggenbrunn-Herbst-_0299.jpg\" title=\"\" data-rl_title=\"\" class=\"rl-gallery-link\" data-rl_caption=\"Foto: Franz Gerdl\" data-rel=\"prettyPhoto-gallery-cHJldHR5UGhvdG8tZ2FsbGVyeS0x\" data-magnific_type=\"gallery\"><img loading=\"lazy\" decoding=\"async\" src=\"https:\/\/festspiele-taggenbrunn.at\/wp-content\/uploads\/017-20-\u00a9FRANZGERDL-Taggenbrunn-Herbst-_0299-1024x682.jpg\" width=\"1024\" height=\"682\" alt=\"\"\/><span class=\"rl-gallery-caption\"><span class=\"rl-gallery-item-caption\">Foto: Franz Gerdl<\/span><\/span><\/a> <\/div> <\/div> <div class=\"rl-gallery-item\" > <div class=\"rl-gallery-item-content\"> <a href=\"https:\/\/festspiele-taggenbrunn.at\/wp-content\/uploads\/PhilharmoniaSchrammeln_Fotos-Ferdinand-Neumuller-8.jpg\" title=\"\" data-rl_title=\"\" class=\"rl-gallery-link\" data-rl_caption=\"1.8.2021: Philharmonia Schrammeln Fotos Ferdinand Neum\u00fcller\" data-rel=\"prettyPhoto-gallery-cHJldHR5UGhvdG8tZ2FsbGVyeS0x\" data-magnific_type=\"gallery\"><img loading=\"lazy\" decoding=\"async\" src=\"https:\/\/festspiele-taggenbrunn.at\/wp-content\/uploads\/PhilharmoniaSchrammeln_Fotos-Ferdinand-Neumuller-8-1024x731.jpg\" width=\"1024\" height=\"731\" alt=\"\"\/><span class=\"rl-gallery-caption\"><span class=\"rl-gallery-item-caption\">1.8.2021: Philharmonia Schrammeln Foto Ferdinand Neum\u00fcller<\/span><\/span><\/a> <\/div> <\/div> <div class=\"rl-gallery-item\" > <div class=\"rl-gallery-item-content\"> <a href=\"https:\/\/festspiele-taggenbrunn.at\/wp-content\/uploads\/Resetarits-Die-Bande_-Fotos-Ferdinand-Neumuller-6.jpg\" title=\"\" data-rl_title=\"\" class=\"rl-gallery-link\" data-rl_caption=\"Willi Resetartis &amp; Die Bande (Matthias Schorn, Georg Breinschmid, Die Strottern, Jarkko Riihim\u00e4ki), Foto: F. Neum\u00fcller\" data-rel=\"prettyPhoto-gallery-cHJldHR5UGhvdG8tZ2FsbGVyeS0x\" data-magnific_type=\"gallery\"><img loading=\"lazy\" decoding=\"async\" src=\"https:\/\/festspiele-taggenbrunn.at\/wp-content\/uploads\/Resetarits-Die-Bande_-Fotos-Ferdinand-Neumuller-6-1024x661.jpg\" width=\"1024\" height=\"661\" alt=\"\"\/><span class=\"rl-gallery-caption\"><span class=\"rl-gallery-item-caption\">Willi Resetartis &amp; Die Bande (Matthias Schorn, Georg Breinschmid, Die Strottern, Jarkko Riihim\u00e4ki), Foto: F. Neum\u00fcller<\/span><\/span><\/a> <\/div> <\/div> <div class=\"rl-gallery-item\" > <div class=\"rl-gallery-item-content\"> <a href=\"https:\/\/festspiele-taggenbrunn.at\/wp-content\/uploads\/Andre_Schuen-25-Fotos-Ferdinand-Neumuller-25-scaled.jpg\" title=\"\" data-rl_title=\"\" class=\"rl-gallery-link\" data-rl_caption=\"31.8.2021: Andr\u00e8 Schuen und Daniel Heide, Foto: Ferdinand Neum\u00fcller\" data-rel=\"prettyPhoto-gallery-cHJldHR5UGhvdG8tZ2FsbGVyeS0x\" data-magnific_type=\"gallery\"><img loading=\"lazy\" decoding=\"async\" src=\"https:\/\/festspiele-taggenbrunn.at\/wp-content\/uploads\/Andre_Schuen-25-Fotos-Ferdinand-Neumuller-25-786x1024.jpg\" width=\"786\" height=\"1024\" alt=\"\"\/><span class=\"rl-gallery-caption\"><span class=\"rl-gallery-item-caption\">31.8.2021: Andr\u00e8 Schuen e Daniel Heide, foto: Ferdinand Neum\u00fcller<\/span><\/span><\/a> <\/div> <\/div> <div class=\"rl-gallery-item\" > <div class=\"rl-gallery-item-content\"> <a href=\"https:\/\/festspiele-taggenbrunn.at\/wp-content\/uploads\/Opernstudio_Fotos-F.-Neumuller-55.jpg\" title=\"\" data-rl_title=\"\" class=\"rl-gallery-link\" data-rl_caption=\"Opernstudio der Wiener Staatsoper, v. li-re: Jendrik Springer, Erik van Heyningen, Johanna Wallroth, Stephanie Maitland, Hiroshi Amako mit Andrea und Alfred Riedl. Foto: F. Neum\u00fcller\" data-rel=\"prettyPhoto-gallery-cHJldHR5UGhvdG8tZ2FsbGVyeS0x\" data-magnific_type=\"gallery\"><img loading=\"lazy\" decoding=\"async\" src=\"https:\/\/festspiele-taggenbrunn.at\/wp-content\/uploads\/Opernstudio_Fotos-F.-Neumuller-55.jpg\" width=\"886\" height=\"637\" alt=\"\"\/><span class=\"rl-gallery-caption\"><span class=\"rl-gallery-item-caption\">Studio dell'Opera dell'Opera di Vienna, da sinistra a destra: Jendrik Springer, Erik van Heyningen, Johanna Wallroth, Stephanie Maitland, Hiroshi Amako con Andrea e Alfred Riedl. Foto: F. Neum\u00fcller<\/span><\/span><\/a> <\/div> <\/div> <div class=\"rl-gallery-item\" > <div class=\"rl-gallery-item-content\"> <a href=\"https:\/\/festspiele-taggenbrunn.at\/wp-content\/uploads\/014-20-\u00a9FRANZGERDL-Taggenbrunn-Sommer-_6148.jpg\" title=\"\" data-rl_title=\"\" class=\"rl-gallery-link\" data-rl_caption=\"Foto: Franz Gerdl\" data-rel=\"prettyPhoto-gallery-cHJldHR5UGhvdG8tZ2FsbGVyeS0x\" data-magnific_type=\"gallery\"><img loading=\"lazy\" decoding=\"async\" src=\"https:\/\/festspiele-taggenbrunn.at\/wp-content\/uploads\/014-20-\u00a9FRANZGERDL-Taggenbrunn-Sommer-_6148-1024x683.jpg\" width=\"1024\" height=\"683\" alt=\"\"\/><span class=\"rl-gallery-caption\"><span class=\"rl-gallery-item-caption\">Foto: Franz Gerdl<\/span><\/span><\/a> <\/div> <\/div> <div class=\"rl-gallery-item\" > <div class=\"rl-gallery-item-content\"> <a href=\"https:\/\/festspiele-taggenbrunn.at\/wp-content\/uploads\/002-20-\u00a9FRANZGERDL-Taggenbrunn-Herbst-_6527.jpg\" title=\"\" data-rl_title=\"\" class=\"rl-gallery-link\" data-rl_caption=\"Burg Taggenbrunn_Foto: Franz Gerdl\" data-rel=\"prettyPhoto-gallery-cHJldHR5UGhvdG8tZ2FsbGVyeS0x\" data-magnific_type=\"gallery\"><img loading=\"lazy\" decoding=\"async\" src=\"https:\/\/festspiele-taggenbrunn.at\/wp-content\/uploads\/002-20-\u00a9FRANZGERDL-Taggenbrunn-Herbst-_6527-1024x683.jpg\" width=\"1024\" height=\"683\" alt=\"\"\/><span class=\"rl-gallery-caption\"><span class=\"rl-gallery-item-caption\">Castello di Taggenbrunn Foto: Franz Gerdl<\/span><\/span><\/a> <\/div> <\/div> <div class=\"rl-gallery-item\" > <div class=\"rl-gallery-item-content\"> <a href=\"https:\/\/festspiele-taggenbrunn.at\/wp-content\/uploads\/Ursula-Strauss-160.jpg\" title=\"\" data-rl_title=\"\" class=\"rl-gallery-link\" data-rl_caption=\"Ursula Strauss, Duo BartolomeyBittmann Foto: F. Neum\u00fcller\" data-rel=\"prettyPhoto-gallery-cHJldHR5UGhvdG8tZ2FsbGVyeS0x\" data-magnific_type=\"gallery\"><img loading=\"lazy\" decoding=\"async\" src=\"https:\/\/festspiele-taggenbrunn.at\/wp-content\/uploads\/Ursula-Strauss-160.jpg\" width=\"571\" height=\"768\" alt=\"\"\/><span class=\"rl-gallery-caption\"><span class=\"rl-gallery-item-caption\">Ursula Strauss, Duo BartolomeyBittmann Foto: F. Neum\u00fcller<\/span><\/span><\/a> <\/div> <\/div> <div class=\"rl-gallery-item\" > <div class=\"rl-gallery-item-content\"> <a href=\"https:\/\/festspiele-taggenbrunn.at\/wp-content\/uploads\/020-20-\u00a9FRANZGERDL-Taggenbrunn-Herbst-_0286.jpg\" title=\"\" data-rl_title=\"\" class=\"rl-gallery-link\" data-rl_caption=\"Weingut Taggenbrunn, Foto: Franz Gerdl\" data-rel=\"prettyPhoto-gallery-cHJldHR5UGhvdG8tZ2FsbGVyeS0x\" data-magnific_type=\"gallery\"><img loading=\"lazy\" decoding=\"async\" src=\"https:\/\/festspiele-taggenbrunn.at\/wp-content\/uploads\/020-20-\u00a9FRANZGERDL-Taggenbrunn-Herbst-_0286-1024x682.jpg\" width=\"1024\" height=\"682\" alt=\"\"\/><span class=\"rl-gallery-caption\"><span class=\"rl-gallery-item-caption\">Cantina Taggenbrunn, Foto: Franz Gerdl<\/span><\/span><\/a> <\/div> <\/div> <div class=\"rl-gallery-item\" > <div class=\"rl-gallery-item-content\"> <a href=\"https:\/\/festspiele-taggenbrunn.at\/wp-content\/uploads\/Sona_MacDonald-28.jpg\" title=\"\" data-rl_title=\"\" class=\"rl-gallery-link\" data-rl_caption=\"Sona MacDonald, Foto: F. Neum\u00fcller\" data-rel=\"prettyPhoto-gallery-cHJldHR5UGhvdG8tZ2FsbGVyeS0x\" data-magnific_type=\"gallery\"><img loading=\"lazy\" decoding=\"async\" src=\"https:\/\/festspiele-taggenbrunn.at\/wp-content\/uploads\/Sona_MacDonald-28-713x1024.jpg\" width=\"713\" height=\"1024\" alt=\"\"\/><span class=\"rl-gallery-caption\"><span class=\"rl-gallery-item-caption\">Sona MacDonald, Foto: F. Neum\u00fcller<\/span><\/span><\/a> <\/div> <\/div> <div class=\"rl-gallery-item\" > <div class=\"rl-gallery-item-content\"> <a href=\"https:\/\/festspiele-taggenbrunn.at\/wp-content\/uploads\/Andre_Schuen-25-Fotos-Ferdinand-Neumuller-20-scaled.jpg\" title=\"\" data-rl_title=\"\" class=\"rl-gallery-link\" data-rl_caption=\"31.8.2021: Andr\u00e8 Schuen und Daniel Heide, Foto: Ferdinand Neum\u00fcller\" data-rel=\"prettyPhoto-gallery-cHJldHR5UGhvdG8tZ2FsbGVyeS0x\" data-magnific_type=\"gallery\"><img loading=\"lazy\" decoding=\"async\" src=\"https:\/\/festspiele-taggenbrunn.at\/wp-content\/uploads\/Andre_Schuen-25-Fotos-Ferdinand-Neumuller-20-1024x755.jpg\" width=\"1024\" height=\"755\" alt=\"\"\/><span class=\"rl-gallery-caption\"><span class=\"rl-gallery-item-caption\">31.8.2021: Andr\u00e8 Schuen e Daniel Heide, foto: Ferdinand Neum\u00fcller<\/span><\/span><\/a> <\/div> <\/div> <div class=\"rl-gallery-item\" > <div class=\"rl-gallery-item-content\"> <a href=\"https:\/\/festspiele-taggenbrunn.at\/wp-content\/uploads\/Taggenbrunn-Konzertsaal-12-scaled.jpg\" title=\"\" data-rl_title=\"\" class=\"rl-gallery-link\" data-rl_caption=\"Foto: Franz Gerdl\" data-rel=\"prettyPhoto-gallery-cHJldHR5UGhvdG8tZ2FsbGVyeS0x\" data-magnific_type=\"gallery\"><img loading=\"lazy\" decoding=\"async\" src=\"https:\/\/festspiele-taggenbrunn.at\/wp-content\/uploads\/Taggenbrunn-Konzertsaal-12-683x1024.jpg\" width=\"683\" height=\"1024\" alt=\"\"\/><span class=\"rl-gallery-caption\"><span class=\"rl-gallery-item-caption\">Foto: Franz Gerdl<\/span><\/span><\/a> <\/div> <\/div> <div class=\"rl-gallery-item\" > <div class=\"rl-gallery-item-content\"> <a href=\"https:\/\/festspiele-taggenbrunn.at\/wp-content\/uploads\/Ursula-Strauss-115.jpg\" title=\"\" data-rl_title=\"\" class=\"rl-gallery-link\" data-rl_caption=\"Ursula Strauss, Duo BartolomeyBittmann Foto: F. Neum\u00fcller\" data-rel=\"prettyPhoto-gallery-cHJldHR5UGhvdG8tZ2FsbGVyeS0x\" data-magnific_type=\"gallery\"><img loading=\"lazy\" decoding=\"async\" src=\"https:\/\/festspiele-taggenbrunn.at\/wp-content\/uploads\/Ursula-Strauss-115.jpg\" width=\"1024\" height=\"656\" alt=\"\"\/><span class=\"rl-gallery-caption\"><span class=\"rl-gallery-item-caption\">Ursula Strauss, Duo BartolomeyBittmann Foto: F. Neum\u00fcller<\/span><\/span><\/a> <\/div> <\/div> <div class=\"rl-gallery-item\" > <div class=\"rl-gallery-item-content\"> <a href=\"https:\/\/festspiele-taggenbrunn.at\/wp-content\/uploads\/Ursula-Strauss-41.jpg\" title=\"\" data-rl_title=\"\" class=\"rl-gallery-link\" data-rl_caption=\"Duo BartolomeyBittmann Foto: F. Neum\u00fcller\" data-rel=\"prettyPhoto-gallery-cHJldHR5UGhvdG8tZ2FsbGVyeS0x\" data-magnific_type=\"gallery\"><img loading=\"lazy\" decoding=\"async\" src=\"https:\/\/festspiele-taggenbrunn.at\/wp-content\/uploads\/Ursula-Strauss-41.jpg\" width=\"1024\" height=\"684\" alt=\"\"\/><span class=\"rl-gallery-caption\"><span class=\"rl-gallery-item-caption\">Duo Bartolomey-Bittmann Foto: F. Neum\u00fcller<\/span><\/span><\/a> <\/div> <\/div> <div class=\"rl-gallery-item\" > <div class=\"rl-gallery-item-content\"> <a href=\"https:\/\/festspiele-taggenbrunn.at\/wp-content\/uploads\/Opernstudio_Fotos-F.-Neumuller-22.jpg\" title=\"\" data-rl_title=\"\" class=\"rl-gallery-link\" data-rl_caption=\"Jendrik Springer, Johanna Wallroth, Stephanie Maitland, Hiroshi Amako, Erik van Heyningen Foto: F. Neum\u00fcller\" data-rel=\"prettyPhoto-gallery-cHJldHR5UGhvdG8tZ2FsbGVyeS0x\" data-magnific_type=\"gallery\"><img loading=\"lazy\" decoding=\"async\" src=\"https:\/\/festspiele-taggenbrunn.at\/wp-content\/uploads\/Opernstudio_Fotos-F.-Neumuller-22-1024x650.jpg\" width=\"1024\" height=\"650\" alt=\"\"\/><span class=\"rl-gallery-caption\"><span class=\"rl-gallery-item-caption\">Jendrik Springer, Johanna Wallroth, Stephanie Maitland, Hiroshi Amako, Erik van Heyningen Foto: F. Neum\u00fcller<\/span><\/span><\/a> <\/div> <\/div> <div class=\"rl-gallery-item\" > <div class=\"rl-gallery-item-content\"> <a href=\"https:\/\/festspiele-taggenbrunn.at\/wp-content\/uploads\/Grigory_Sokolov-340.jpg\" title=\"\" data-rl_title=\"\" class=\"rl-gallery-link\" data-rl_caption=\"Grigory Sokolov, Foto: F. Neum\u00fcller\" data-rel=\"prettyPhoto-gallery-cHJldHR5UGhvdG8tZ2FsbGVyeS0x\" data-magnific_type=\"gallery\"><img loading=\"lazy\" decoding=\"async\" src=\"https:\/\/festspiele-taggenbrunn.at\/wp-content\/uploads\/Grigory_Sokolov-340.jpg\" width=\"1024\" height=\"717\" alt=\"\"\/><span class=\"rl-gallery-caption\"><span class=\"rl-gallery-item-caption\">Grigory Sokolov, Foto: F. Neum\u00fcller<\/span><\/span><\/a> <\/div> <\/div> <div class=\"rl-gallery-item\" > <div class=\"rl-gallery-item-content\"> <a href=\"https:\/\/festspiele-taggenbrunn.at\/wp-content\/uploads\/Grigory_Sokolov-323.jpg\" title=\"\" data-rl_title=\"\" class=\"rl-gallery-link\" data-rl_caption=\"Grigory Sokolov, Foto: F. Neum\u00fcller\" data-rel=\"prettyPhoto-gallery-cHJldHR5UGhvdG8tZ2FsbGVyeS0x\" data-magnific_type=\"gallery\"><img loading=\"lazy\" decoding=\"async\" src=\"https:\/\/festspiele-taggenbrunn.at\/wp-content\/uploads\/Grigory_Sokolov-323.jpg\" width=\"1024\" height=\"695\" alt=\"\"\/><span class=\"rl-gallery-caption\"><span class=\"rl-gallery-item-caption\">Grigory Sokolov, Foto: F. Neum\u00fcller<\/span><\/span><\/a> <\/div> <\/div> <div class=\"rl-gallery-item\" > <div class=\"rl-gallery-item-content\"> <a href=\"https:\/\/festspiele-taggenbrunn.at\/wp-content\/uploads\/Elisabeth_Leonskaja-8-1.jpg\" title=\"Elisabeth_Leonskaya1\" data-rl_title=\"Elisabeth_Leonskaja1\" class=\"rl-gallery-link\" data-rl_caption=\"Elisabeth Leonskaja, Foto: Ferdinand Neum\u00fcller\" data-rel=\"prettyPhoto-gallery-cHJldHR5UGhvdG8tZ2FsbGVyeS0x\" data-magnific_type=\"gallery\"><img loading=\"lazy\" decoding=\"async\" src=\"https:\/\/festspiele-taggenbrunn.at\/wp-content\/uploads\/Elisabeth_Leonskaja-8-1.jpg\" width=\"608\" height=\"886\" alt=\"\"\/><span class=\"rl-gallery-caption\"><span class=\"rl-gallery-item-title\">Elisabeth_Leonskaya1<\/span><span class=\"rl-gallery-item-caption\">Elisabeth Leonskaja, Foto: Ferdinand Neum\u00fcller<\/span><\/span><\/a> <\/div> <\/div> <div class=\"rl-gallery-item\" > <div class=\"rl-gallery-item-content\"> <a href=\"https:\/\/festspiele-taggenbrunn.at\/wp-content\/uploads\/Elisabeth_Leonskaja-5-1.jpg\" title=\"Elisabeth_Leonskaya\" data-rl_title=\"Elisabeth_Leonskaja\" class=\"rl-gallery-link\" data-rl_caption=\"Elisabeth Leonskaja, Foto: Ferdinand Neum\u00fcller\" data-rel=\"prettyPhoto-gallery-cHJldHR5UGhvdG8tZ2FsbGVyeS0x\" data-magnific_type=\"gallery\"><img loading=\"lazy\" decoding=\"async\" src=\"https:\/\/festspiele-taggenbrunn.at\/wp-content\/uploads\/Elisabeth_Leonskaja-5-1.jpg\" width=\"886\" height=\"621\" alt=\"\"\/><span class=\"rl-gallery-caption\"><span class=\"rl-gallery-item-title\">Elisabeth_Leonskaya<\/span><span class=\"rl-gallery-item-caption\">Elisabeth Leonskaja, Foto: Ferdinand Neum\u00fcller<\/span><\/span><\/a> <\/div> <\/div> <div class=\"rl-gallery-item\" > <div class=\"rl-gallery-item-content\"> <a href=\"https:\/\/festspiele-taggenbrunn.at\/wp-content\/uploads\/Elisabeth_Leonskaja-2.jpg\" title=\"\" data-rl_title=\"\" class=\"rl-gallery-link\" data-rl_caption=\"Elisabeth Leonskaja, Foto: D. Neum\u00fcller\" data-rel=\"prettyPhoto-gallery-cHJldHR5UGhvdG8tZ2FsbGVyeS0x\" data-magnific_type=\"gallery\"><img loading=\"lazy\" decoding=\"async\" src=\"https:\/\/festspiele-taggenbrunn.at\/wp-content\/uploads\/Elisabeth_Leonskaja-2.jpg\" width=\"886\" height=\"590\" alt=\"\"\/><span class=\"rl-gallery-caption\"><span class=\"rl-gallery-item-caption\">Elisabeth Leonskaja, Foto: D. Neum\u00fcller<\/span><\/span><\/a> <\/div> <\/div> <div class=\"rl-gallery-item\" > <div class=\"rl-gallery-item-content\"> <a href=\"https:\/\/festspiele-taggenbrunn.at\/wp-content\/uploads\/Sona_MacDonald-21.jpg\" title=\"\" data-rl_title=\"\" class=\"rl-gallery-link\" data-rl_caption=\"Sona MacDonald &amp; The Whizkey Brothers, Foto: F. Neum\u00fcller\" data-rel=\"prettyPhoto-gallery-cHJldHR5UGhvdG8tZ2FsbGVyeS0x\" data-magnific_type=\"gallery\"><img loading=\"lazy\" decoding=\"async\" src=\"https:\/\/festspiele-taggenbrunn.at\/wp-content\/uploads\/Sona_MacDonald-21-1024x705.jpg\" width=\"1024\" height=\"705\" alt=\"\"\/><span class=\"rl-gallery-caption\"><span class=\"rl-gallery-item-caption\">Sona MacDonald e i fratelli Whizkey, Foto: F. Neum\u00fcller<\/span><\/span><\/a> <\/div> <\/div> <div class=\"rl-gallery-item\" > <div class=\"rl-gallery-item-content\"> <a href=\"https:\/\/festspiele-taggenbrunn.at\/wp-content\/uploads\/SonaMacDonald-5-scaled.jpg\" title=\"\" data-rl_title=\"\" class=\"rl-gallery-link\" data-rl_caption=\"Sona MacDonald &amp; The Whizkey Brothers Foto: F. Neum\u00fcller\" data-rel=\"prettyPhoto-gallery-cHJldHR5UGhvdG8tZ2FsbGVyeS0x\" data-magnific_type=\"gallery\"><img loading=\"lazy\" decoding=\"async\" src=\"https:\/\/festspiele-taggenbrunn.at\/wp-content\/uploads\/SonaMacDonald-5-1024x738.jpg\" width=\"1024\" height=\"738\" alt=\"\"\/><span class=\"rl-gallery-caption\"><span class=\"rl-gallery-item-caption\">Sona MacDonald e i fratelli Whizkey Foto: F. Neum\u00fcller<\/span><\/span><\/a> <\/div> <\/div> <div class=\"rl-gallery-item\" > <div class=\"rl-gallery-item-content\"> <a href=\"https:\/\/festspiele-taggenbrunn.at\/wp-content\/uploads\/Resetarits-Die-Bande_-Fotos-Ferdinand-Neumuller-2.jpg\" title=\"\" data-rl_title=\"\" class=\"rl-gallery-link\" data-rl_caption=\"Willi Resetartis &amp; Die Bande (Matthias Schorn, Georg Breinschmid, Die Strottern, Jarkko Riihim\u00e4ki), Foto: F. Neum\u00fcller\" data-rel=\"prettyPhoto-gallery-cHJldHR5UGhvdG8tZ2FsbGVyeS0x\" data-magnific_type=\"gallery\"><img loading=\"lazy\" decoding=\"async\" src=\"https:\/\/festspiele-taggenbrunn.at\/wp-content\/uploads\/Resetarits-Die-Bande_-Fotos-Ferdinand-Neumuller-2-1024x661.jpg\" width=\"1024\" height=\"661\" alt=\"\"\/><span class=\"rl-gallery-caption\"><span class=\"rl-gallery-item-caption\">Willi Resetartis &amp; Die Bande (Matthias Schorn, Georg Breinschmid, Die Strottern, Jarkko Riihim\u00e4ki), Foto: F. Neum\u00fcller<\/span><\/span><\/a> <\/div> <\/div> <div class=\"rl-gallery-item\" > <div class=\"rl-gallery-item-content\"> <a href=\"https:\/\/festspiele-taggenbrunn.at\/wp-content\/uploads\/20211014_203936-scaled.jpg\" title=\"\" data-rl_title=\"\" class=\"rl-gallery-link\" data-rl_caption=\"Liederabend mit Mauro Peter\" data-rel=\"prettyPhoto-gallery-cHJldHR5UGhvdG8tZ2FsbGVyeS0x\" data-magnific_type=\"gallery\"><img loading=\"lazy\" decoding=\"async\" src=\"https:\/\/festspiele-taggenbrunn.at\/wp-content\/uploads\/20211014_203936-576x1024.jpg\" width=\"576\" height=\"1024\" alt=\"\"\/><span class=\"rl-gallery-caption\"><span class=\"rl-gallery-item-caption\">Recital di canzoni con Mauro Peter<\/span><\/span><\/a> <\/div> <\/div> <div class=\"rl-gallery-item\" > <div class=\"rl-gallery-item-content\"> <a href=\"https:\/\/festspiele-taggenbrunn.at\/wp-content\/uploads\/Resetarits-Die-Bande_-Fotos-Ferdinand-Neumuller-26.jpg\" title=\"\" data-rl_title=\"\" class=\"rl-gallery-link\" data-rl_caption=\"Willi Resetartis &amp; Die Bande (Matthias Schorn, Georg Breinschmid, Die Strottern, Jarkko Riihim\u00e4ki), Foto: F. Neum\u00fcller\" data-rel=\"prettyPhoto-gallery-cHJldHR5UGhvdG8tZ2FsbGVyeS0x\" data-magnific_type=\"gallery\"><img loading=\"lazy\" decoding=\"async\" src=\"https:\/\/festspiele-taggenbrunn.at\/wp-content\/uploads\/Resetarits-Die-Bande_-Fotos-Ferdinand-Neumuller-26-1024x661.jpg\" width=\"1024\" height=\"661\" alt=\"\"\/><span class=\"rl-gallery-caption\"><span class=\"rl-gallery-item-caption\">Willi Resetartis &amp; Die Bande (Matthias Schorn, Georg Breinschmid, Die Strottern, Jarkko Riihim\u00e4ki), Foto: F. Neum\u00fcller<\/span><\/span><\/a> <\/div> <\/div> <div class=\"rl-gallery-item\" > <div class=\"rl-gallery-item-content\"> <a href=\"https:\/\/festspiele-taggenbrunn.at\/wp-content\/uploads\/The-Clarinet-Trio-Anthology-7-1-scaled.jpg\" title=\"\" data-rl_title=\"\" class=\"rl-gallery-link\" data-rl_caption=\"Foto: Franz Gerdl\" data-rel=\"prettyPhoto-gallery-cHJldHR5UGhvdG8tZ2FsbGVyeS0x\" data-magnific_type=\"gallery\"><img loading=\"lazy\" decoding=\"async\" src=\"https:\/\/festspiele-taggenbrunn.at\/wp-content\/uploads\/The-Clarinet-Trio-Anthology-7-1-1024x683.jpg\" width=\"1024\" height=\"683\" alt=\"\"\/><span class=\"rl-gallery-caption\"><span class=\"rl-gallery-item-caption\">Foto: Franz Gerdl<\/span><\/span><\/a> <\/div> <\/div> <\/div> <\/div>\n\n\t\t<\/div>\n\t<\/div>\n<\/div><\/div><\/div><\/div><\/div><\/section>\n<\/div>","protected":false},"excerpt":{"rendered":"GALLERIA HomeGalleria Lars Eidinger \u00a9 Ferdinand Neum\u00fcller Lars Eidinger \u00a9 Ferdinand Neum\u00fcller Lars Eidinger, \u00a9 Ferdinand Neum\u00fcller Dmytro Popov, Matthias Samuil...","protected":false},"author":1,"featured_media":0,"parent":0,"menu_order":0,"comment_status":"closed","ping_status":"closed","template":"","meta":{"_acf_changed":false,"inline_featured_image":false,"footnotes":""},"class_list":["post-1937","page","type-page","status-publish","hentry"],"acf":[],"yoast_head":"<!-- This site is optimized with the Yoast SEO plugin v23.6 - https:\/\/yoast.com\/wordpress\/plugins\/seo\/ -->\n<title>Galerie &#183; Festspiele Taggenbrunn<\/title>\n<meta name=\"robots\" content=\"index, follow, max-snippet:-1, max-image-preview:large, max-video-preview:-1\" \/>\n<link rel=\"canonical\" href=\"https:\/\/festspiele-taggenbrunn.at\/it\/galerie\/\" \/>\n<meta property=\"og:locale\" content=\"it_IT\" \/>\n<meta property=\"og:type\" content=\"article\" \/>\n<meta property=\"og:title\" content=\"Galerie &#183; Festspiele Taggenbrunn\" \/>\n<meta property=\"og:url\" content=\"https:\/\/festspiele-taggenbrunn.at\/it\/galerie\/\" \/>\n<meta property=\"og:site_name\" content=\"Festspiele Taggenbrunn\" \/>\n<meta property=\"article:modified_time\" content=\"2024-10-08T12:01:14+00:00\" \/>\n<meta name=\"twitter:card\" content=\"summary_large_image\" \/>\n<meta name=\"twitter:label1\" content=\"Tempo di lettura stimato\" \/>\n\t<meta name=\"twitter:data1\" content=\"1 minuto\" \/>\n<script type=\"application\/ld+json\" class=\"yoast-schema-graph\">{\"@context\":\"https:\/\/schema.org\",\"@graph\":[{\"@type\":\"WebPage\",\"@id\":\"https:\/\/festspiele-taggenbrunn.at\/galerie\/\",\"url\":\"https:\/\/festspiele-taggenbrunn.at\/galerie\/\",\"name\":\"Galerie &#183; Festspiele Taggenbrunn\",\"isPartOf\":{\"@id\":\"https:\/\/festspiele-taggenbrunn.at\/#website\"},\"datePublished\":\"2019-11-12T13:35:01+00:00\",\"dateModified\":\"2024-10-08T12:01:14+00:00\",\"breadcrumb\":{\"@id\":\"https:\/\/festspiele-taggenbrunn.at\/galerie\/#breadcrumb\"},\"inLanguage\":\"it-IT\",\"potentialAction\":[{\"@type\":\"ReadAction\",\"target\":[\"https:\/\/festspiele-taggenbrunn.at\/galerie\/\"]}]},{\"@type\":\"BreadcrumbList\",\"@id\":\"https:\/\/festspiele-taggenbrunn.at\/galerie\/#breadcrumb\",\"itemListElement\":[{\"@type\":\"ListItem\",\"position\":1,\"name\":\"Home\",\"item\":\"https:\/\/festspiele-taggenbrunn.at\/\"},{\"@type\":\"ListItem\",\"position\":2,\"name\":\"Galerie\"}]},{\"@type\":\"WebSite\",\"@id\":\"https:\/\/festspiele-taggenbrunn.at\/#website\",\"url\":\"https:\/\/festspiele-taggenbrunn.at\/\",\"name\":\"Festspiele Taggenbrunn\",\"description\":\"\",\"publisher\":{\"@id\":\"https:\/\/festspiele-taggenbrunn.at\/#organization\"},\"potentialAction\":[{\"@type\":\"SearchAction\",\"target\":{\"@type\":\"EntryPoint\",\"urlTemplate\":\"https:\/\/festspiele-taggenbrunn.at\/?s={search_term_string}\"},\"query-input\":{\"@type\":\"PropertyValueSpecification\",\"valueRequired\":true,\"valueName\":\"search_term_string\"}}],\"inLanguage\":\"it-IT\"},{\"@type\":\"Organization\",\"@id\":\"https:\/\/festspiele-taggenbrunn.at\/#organization\",\"name\":\"Taggenbrunner Festspiele\",\"url\":\"https:\/\/festspiele-taggenbrunn.at\/\",\"logo\":{\"@type\":\"ImageObject\",\"inLanguage\":\"it-IT\",\"@id\":\"https:\/\/festspiele-taggenbrunn.at\/#\/schema\/logo\/image\/\",\"url\":\"https:\/\/festspiele-taggenbrunn.at\/wp-content\/uploads\/Logo-TGB-Festspiele-logo.png\",\"contentUrl\":\"https:\/\/festspiele-taggenbrunn.at\/wp-content\/uploads\/Logo-TGB-Festspiele-logo.png\",\"width\":1947,\"height\":538,\"caption\":\"Taggenbrunner Festspiele\"},\"image\":{\"@id\":\"https:\/\/festspiele-taggenbrunn.at\/#\/schema\/logo\/image\/\"}}]}<\/script>\n<!-- \/ Yoast SEO plugin. -->","yoast_head_json":{"title":"Galleria - Festival di Taggenbrunn","robots":{"index":"index","follow":"follow","max-snippet":"max-snippet:-1","max-image-preview":"max-image-preview:large","max-video-preview":"max-video-preview:-1"},"canonical":"https:\/\/festspiele-taggenbrunn.at\/it\/galerie\/","og_locale":"it_IT","og_type":"article","og_title":"Galerie &#183; Festspiele Taggenbrunn","og_url":"https:\/\/festspiele-taggenbrunn.at\/it\/galerie\/","og_site_name":"Festspiele Taggenbrunn","article_modified_time":"2024-10-08T12:01:14+00:00","twitter_card":"summary_large_image","twitter_misc":{"Tempo di lettura stimato":"1 minuto"},"schema":{"@context":"https:\/\/schema.org","@graph":[{"@type":"WebPage","@id":"https:\/\/festspiele-taggenbrunn.at\/galerie\/","url":"https:\/\/festspiele-taggenbrunn.at\/galerie\/","name":"Galleria - Festival di Taggenbrunn","isPartOf":{"@id":"https:\/\/festspiele-taggenbrunn.at\/#website"},"datePublished":"2019-11-12T13:35:01+00:00","dateModified":"2024-10-08T12:01:14+00:00","breadcrumb":{"@id":"https:\/\/festspiele-taggenbrunn.at\/galerie\/#breadcrumb"},"inLanguage":"it-IT","potentialAction":[{"@type":"ReadAction","target":["https:\/\/festspiele-taggenbrunn.at\/galerie\/"]}]},{"@type":"BreadcrumbList","@id":"https:\/\/festspiele-taggenbrunn.at\/galerie\/#breadcrumb","itemListElement":[{"@type":"ListItem","position":1,"name":"Home","item":"https:\/\/festspiele-taggenbrunn.at\/"},{"@type":"ListItem","position":2,"name":"Galerie"}]},{"@type":"WebSite","@id":"https:\/\/festspiele-taggenbrunn.at\/#website","url":"https:\/\/festspiele-taggenbrunn.at\/","name":"Festival di Taggenbrunn","description":"","publisher":{"@id":"https:\/\/festspiele-taggenbrunn.at\/#organization"},"potentialAction":[{"@type":"SearchAction","target":{"@type":"EntryPoint","urlTemplate":"https:\/\/festspiele-taggenbrunn.at\/?s={search_term_string}"},"query-input":{"@type":"PropertyValueSpecification","valueRequired":true,"valueName":"search_term_string"}}],"inLanguage":"it-IT"},{"@type":"Organization","@id":"https:\/\/festspiele-taggenbrunn.at\/#organization","name":"Festival di Taggenbrunn","url":"https:\/\/festspiele-taggenbrunn.at\/","logo":{"@type":"ImageObject","inLanguage":"it-IT","@id":"https:\/\/festspiele-taggenbrunn.at\/#\/schema\/logo\/image\/","url":"https:\/\/festspiele-taggenbrunn.at\/wp-content\/uploads\/Logo-TGB-Festspiele-logo.png","contentUrl":"https:\/\/festspiele-taggenbrunn.at\/wp-content\/uploads\/Logo-TGB-Festspiele-logo.png","width":1947,"height":538,"caption":"Taggenbrunner Festspiele"},"image":{"@id":"https:\/\/festspiele-taggenbrunn.at\/#\/schema\/logo\/image\/"}}]}},"_links":{"self":[{"href":"https:\/\/festspiele-taggenbrunn.at\/it\/wp-json\/wp\/v2\/pages\/1937"}],"collection":[{"href":"https:\/\/festspiele-taggenbrunn.at\/it\/wp-json\/wp\/v2\/pages"}],"about":[{"href":"https:\/\/festspiele-taggenbrunn.at\/it\/wp-json\/wp\/v2\/types\/page"}],"author":[{"embeddable":true,"href":"https:\/\/festspiele-taggenbrunn.at\/it\/wp-json\/wp\/v2\/users\/1"}],"replies":[{"embeddable":true,"href":"https:\/\/festspiele-taggenbrunn.at\/it\/wp-json\/wp\/v2\/comments?post=1937"}],"version-history":[{"count":7,"href":"https:\/\/festspiele-taggenbrunn.at\/it\/wp-json\/wp\/v2\/pages\/1937\/revisions"}],"predecessor-version":[{"id":4243,"href":"https:\/\/festspiele-taggenbrunn.at\/it\/wp-json\/wp\/v2\/pages\/1937\/revisions\/4243"}],"wp:attachment":[{"href":"https:\/\/festspiele-taggenbrunn.at\/it\/wp-json\/wp\/v2\/media?parent=1937"}],"curies":[{"name":"wp","href":"https:\/\/api.w.org\/{rel}","templated":true}]}}